{"id":9798,"date":"2019-08-06T08:17:15","date_gmt":"2019-08-06T11:17:15","guid":{"rendered":"https:\/\/joaopauloautopecas.com.br\/?post_type=product&#038;p=9798"},"modified":"2020-04-07T08:12:53","modified_gmt":"2020-04-07T11:12:53","slug":"articulacao-axial-citroen-jumper-2001-a-2015-trw-jarb0018-unitario","status":"publish","type":"product","link":"https:\/\/joaopauloautopecas.com.br\/?product=articulacao-axial-citroen-jumper-2001-a-2015-trw-jarb0018-unitario","title":{"rendered":"Articula\u00e7\u00e3o Axial Citroen Jumper 2001 a 2015 &#8211; TRW JARB0018 &#8211; Unit\u00e1rio"},"content":{"rendered":"<h2>Articula\u00e7\u00e3o Axial Citroen Jumper 2001 a 2015 &#8211; TRW JARB0018 &#8211; Unit\u00e1rio<\/h2>\n<div class=\"sku-description\">\n<h2 id=\"anchor-product-detail\" class=\"sku-detail-title\">Descri\u00e7\u00e3o do Produto<\/h2>\n<div class=\"wysiwyg-content\">Articula\u00e7\u00e3o Axial<\/div>\n<\/div>\n<div class=\"sku-specs\">\n<div class=\"manufacturer-specs\">\n<h2 class=\"sku-detail-title\">Especifica\u00e7\u00f5es do Fabricante<\/h2>\n<p>Marca: TRW<\/p>\n<p>C\u00f3digo da Pe\u00e7a: JARB0018<\/p>\n<p>NCM: 87089990<\/p>\n<p>Lado: Direito ou Esquerdo<\/p>\n<p>Posi\u00e7\u00e3o: Dianteira<\/p>\n<div class=\"sku-bar-code\">\n<p class=\"bar-code-label\">C\u00f3digo de barras:<br \/>\n<span class=\"bar-code\">7897483470252<\/span><\/p>\n<h3 class=\"application_make make\">CITROEN<\/h3>\n<ul class=\"applications_list citroen\">\n<li><b>JUMPER 2001<\/b>\u00a0MINIBUS 2.8 8V<\/li>\n<li><b>JUMPER 2002<\/b>\u00a0MINIBUS 2.8 8V | VAN 2.8 8V<\/li>\n<li><b>JUMPER 2003<\/b>\u00a0VAN 2.8 8V | FURG\u00c3O 2.8 8V | FURGON 2.8 8V<\/li>\n<li><b>JUMPER 2004<\/b>\u00a0VAN 2.8 8V | FURG\u00c3O 2.8 8V | FURGON 2.8 8V<\/li>\n<li><b>JUMPER 2005<\/b>\u00a0VAN 2.8 8V | FURG\u00c3O 2.8 8V | FURGON 2.8 8V<\/li>\n<li><b>JUMPER 2006<\/b>\u00a0VAN 2.8 8V | FURG\u00c3O 2.8 8V | FURGON 2.8 8V<\/li>\n<li><b>JUMPER 2007<\/b>\u00a0VAN 2.8 8V | FURG\u00c3O 2.8 8V | FURGON 2.8 8V<\/li>\n<li><b>JUMPER 2008<\/b>\u00a0VAN 2.8 8V | FURG\u00c3O 2.8 8V | FURGON 2.8 8V<\/li>\n<li><b>JUMPER 2009<\/b>\u00a0VAN 2.8 8V | FURG\u00c3O 2.8 8V | FURGON 2.8 8V<\/li>\n<li><b>JUMPER 2010<\/b>\u00a0VAN 2.8 8V | PICK-UP 2.3 16V<\/li>\n<li><b>JUMPER 2011<\/b>\u00a0PICK-UP 2.3 16V | FURG\u00c3O 2.3 16V | FURGON 2.3 16V<\/li>\n<li><b>JUMPER 2012<\/b>\u00a0FURG\u00c3O 2.3 16V | FURGON 2.3 16V<\/li>\n<li><b>JUMPER 2013<\/b>\u00a0FURG\u00c3O 2.3 16V | FURGON 2.3 16V<\/li>\n<li><b>JUMPER 2014<\/b>\u00a0FURG\u00c3O 2.3 16V | FURGON 2.3 16V<\/li>\n<li><b>JUMPER 2015<\/b>\u00a0FURG\u00c3O 2.3 16V | FURGON 2.3 16V<\/li>\n<\/ul>\n<h3 class=\"application_make make\">FIAT<\/h3>\n<ul class=\"applications_list fiat\">\n<li><b>DUCATO 2001<\/b>\u00a0MINIBUS 15 2.8 8V | VETRATO 2.8 8V | COMBINATO 10 2.8 8V | COMBINATO 2.8 8V | MAXI CARGO 2.8 8V | COMBINATO TD 10 2.8 8V | FURG\u00c3O 2.8 8V TDI | FURG\u00c3O TDI 2.8 8V | VETRATO CARGO 2.5 8V | MAXI CARGO 2.8 8V TDI | MAXI CARGO TDI 2.8 8V | MAXI \u00d5NIBUS 15 2.8 8V TDI | MAXI \u00d5NIBUS TDI 15 2.8 8V<\/li>\n<li><b>DUCATO 2002<\/b>\u00a0MINIBUS 15 2.8 8V | VETRATO 2.8 8V | COMBINATO 10 2.8 8V | COMBINATO 2.8 8V | MULTA 2.8 8V | MAXI CARGO 2.8 8V | CARGO 2.8 8V (CHASSI LONGO) | CARGO 2.8 8V TD | CARGO LONGO 2.8 8V | CARGO TD 2.8 8V | CARGO TDI 2.8 8V | TDI CARGO 2.8 8V | MAXI CARGO 2.8 8V TDI | MAXI CARGO TDI 2.8 8V | MAXI \u00d5NIBUS 15 2.8 8V TDI | MAXI \u00d5NIBUS TDI 15 2.8 8V<\/li>\n<li><b>DUCATO 2003<\/b>\u00a0MINIBUS 15 2.8 8V | VETRATO 2.8 8V | COMBINATO 10 2.8 8V | COMBINATO 2.8 8V | MULTA 2.8 8V | MAXI CARGO 2.8 8V | CARGO 2.8 8V (CHASSI LONGO) | CARGO 2.8 8V TD | CARGO LONGO 2.8 8V | CARGO TD 2.8 8V | CARGO TDI 2.8 8V | TDI CARGO 2.8 8V | MAXI \u00d5NIBUS 15 2.8 8V TDI | MAXI \u00d5NIBUS TDI 15 2.8 8V<\/li>\n<li><b>DUCATO 2004<\/b>\u00a0MINIBUS 15 2.8 8V | VETRATO 2.8 8V | COMBINATO 10 2.8 8V | COMBINATO 2.8 8V | MULTA 2.8 8V | MAXI CARGO 2.8 8V | CARGO 2.8 8V (CHASSI LONGO) | CARGO 2.8 8V TD | CARGO LONGO 2.8 8V | CARGO TD 2.8 8V | CARGO TDI 2.8 8V | TDI CARGO 2.8 8V<\/li>\n<li><b>DUCATO 2005<\/b>\u00a0MINIBUS 15 2.8 8V | VETRATO 2.8 8V | COMBINATO 10 2.8 8V | COMBINATO 2.8 8V | MULTA 2.8 8V | CARGO L 2.8 8V | COMBINATO JTD 2.8 8V | MINIBUS 2.8 8V | MULTI 2.8 8V | MAXI CARGO 2.8 8V | CARGO 2.8 8V (CHASSI LONGO) | CARGO 2.8 8V TD | CARGO LONGO 2.8 8V | CARGO TD 2.8 8V | CARGO TDI 2.8 8V | TDI CARGO 2.8 8V<\/li>\n<li><b>DUCATO 2006<\/b>\u00a0MINIBUS 15 2.8 8V | VETRATO 2.8 8V | MULTA 2.8 8V | CARGO L 2.8 8V | COMBINATO JTD 2.8 8V | MINIBUS 2.8 8V | MULTI 2.8 8V | MAXI CARGO 2.8 8V | CARGO 2.8 8V<\/li>\n<li><b>DUCATO 2007<\/b>\u00a0CARGO L 2.8 8V | COMBINATO JTD 2.8 8V | MINIBUS 2.8 8V | MULTI 2.8 8V | MAXI CARGO 2.8 8V | CARGO 2.8 8V<\/li>\n<li><b>DUCATO 2008<\/b>\u00a0CARGO L 2.8 8V | COMBINATO JTD 2.8 8V | MINIBUS 2.8 8V | MULTI 2.8 8V | MAXI CARGO 2.8 8V | CARGO 2.8 8V<\/li>\n<li><b>DUCATO 2009<\/b>\u00a0CARGO L 2.8 8V | COMBINATO JTD 2.8 8V | MINIBUS 2.8 8V | MULTI 2.8 8V | MAXI CARGO 2.8 8V | CARGO 2.8 8V | COMBINATO 2.3 16V | CARGO 2.3 16V | CARGO L 2.3 16V | MAXICARGO 10M3 2.3 16V | MAXICARGO 12M3 2.3 16V | MINIBUS TA 2.3 16V | MINIBUS TB 2.3 16V | MULTI TA 2.3 16V<\/li>\n<li><b>DUCATO 2010<\/b>\u00a0COMBINATO 2.3 16V | CARGO 2.3 16V | CARGO L 2.3 16V | MAXICARGO 10M3 2.3 16V | MAXICARGO 12M3 2.3 16V | MINIBUS TA 2.3 16V | MINIBUS TB 2.3 16V | MULTI TA 2.3 16V<\/li>\n<li><b>DUCATO 2011<\/b>\u00a0COMBINATO 2.3 16V | CARGO 2.3 16V | CARGO L 2.3 16V | MAXICARGO 10M3 2.3 16V | MAXICARGO 12M3 2.3 16V | MINIBUS TA 2.3 16V | MINIBUS TB 2.3 16V | MULTI TA 2.3 16V<\/li>\n<li><b>DUCATO 2012<\/b>\u00a0COMBINATO 2.3 16V | CARGO 2.3 16V | CARGO L 2.3 16V | MAXICARGO 10M3 2.3 16V | MAXICARGO 12M3 2.3 16V | MINIBUS TA 2.3 16V | MINIBUS TB 2.3 16V | MULTI TA 2.3 16V<\/li>\n<li><b>DUCATO 2013<\/b>\u00a0CARGO 2.3 16V | CARGO L 2.3 16V | MAXICARGO 10M3 2.3 16V | MAXICARGO 12M3 2.3 16V | MINIBUS TA 2.3 16V | MINIBUS TB 2.3 16V | MULTI TA 2.3 16V<\/li>\n<li><b>DUCATO 2014<\/b>\u00a0CARGO 2.3 16V | CARGO L 2.3 16V | MAXICARGO 10M3 2.3 16V | MAXICARGO 12M3 2.3 16V | MINIBUS TA 2.3 16V | MINIBUS TB 2.3 16V | MULTI TA 2.3 16V<\/li>\n<li><b>DUCATO 2015<\/b>\u00a0CARGO 2.3 16V | CARGO L 2.3 16V | MAXICARGO 10M3 2.3 16V | MAXICARGO 12M3 2.3 16V | MINIBUS TA 2.3 16V | MINIBUS TB 2.3 16V | MULTI TA 2.3 16V<\/li>\n<\/ul>\n<h3 class=\"application_make make\">PEUGEOT<\/h3>\n<ul class=\"applications_list peugeot\">\n<li><b>BOXER 2001<\/b>\u00a0270C 2.8 8V<\/li>\n<li><b>BOXER 2002<\/b>\u00a0FURG\u00c3O M\u00c9DIO TD 2.8 8V | FURG\u00c3O CURTO TD 2.8 8V | 270C 2.8 8V | TD VAN 2.8 8V | TDI VAN 2.8 8V | VAN D 2.8 8V<\/li>\n<li><b>BOXER 2003<\/b>\u00a0FURG\u00c3O M\u00c9DIO TD 2.8 8V | FURG\u00c3O M\u00c9DIO TDI 2.8 8V | FURG\u00c3O CURTO TD 2.8 8V | TD VAN 2.8 8V | TDI VAN 2.8 8V | VAN D 2.8 8V<\/li>\n<li><b>BOXER 2004<\/b>\u00a0FURG\u00c3O M\u00c9DIO TD 2.8 8V | FURG\u00c3O M\u00c9DIO TDI 2.8 8V | FURG\u00c3O M\u00c9DIO TETO ALTO TD 2.8 8V | FURG\u00c3O CURTO TD 2.8 8V | FURG\u00c3O M\u00c9DIO TETO LONGO HDI 2.8 8V | TD VAN 2.8 8V | TDI VAN 2.8 8V | VAN D 2.8 8V<\/li>\n<li><b>BOXER 2005<\/b>\u00a0FURG\u00c3O M\u00c9DIO TD 2.8 8V | FURG\u00c3O M\u00c9DIO TETO ALTO TD 2.8 8V | FURG\u00c3O CURTO TD 2.8 8V | FURG\u00c3O M\u00c9DIO TETO LONGO HDI 2.8 8V | FURG\u00c3O M\u00c9DIO TETO ALTO HDI 2.8 8V | HDI VAN 16 LUGARES 2.8 8V | TD VAN 2.8 8V | TDI VAN 2.8 8V | VAN D 2.8 8V<\/li>\n<li><b>BOXER 2006<\/b>\u00a0FURG\u00c3O M\u00c9DIO TD 2.8 8V | FURG\u00c3O CURTO TD 2.8 8V | FURG\u00c3O M\u00c9DIO TETO LONGO HDI 2.8 8V | FURG\u00c3O CURTO HDI 2.8 8V | FURG\u00c3O M\u00c9DIO TETO ALTO HDI 2.8 8V | HDI VAN 16 LUGARES 2.8 8V | FURG\u00c3O M\u00c9DIO HDI 2.8 8V<\/li>\n<li><b>BOXER 2007<\/b>\u00a0FURG\u00c3O CURTO TD 2.8 8V | FURG\u00c3O M\u00c9DIO TETO LONGO HDI 2.8 8V | FURG\u00c3O CURTO HDI 2.8 8V | FURG\u00c3O M\u00c9DIO TETO ALTO HDI 2.8 8V | HDI VAN 16 LUGARES 2.8 8V | FURG\u00c3O M\u00c9DIO HDI 2.8 8V<\/li>\n<li><b>BOXER 2008<\/b>\u00a0FURG\u00c3O CURTO TD 2.8 8V | FURG\u00c3O M\u00c9DIO TETO LONGO HDI 2.8 8V | FURG\u00c3O CURTO HDI 2.8 8V | FURG\u00c3O M\u00c9DIO TETO ALTO HDI 2.8 8V | HDI VAN 16 LUGARES 2.8 8V | FURG\u00c3O M\u00c9DIO HDI 2.8 8V<\/li>\n<li><b>BOXER 2009<\/b>\u00a0FURG\u00c3O CURTO TD 2.8 8V | FURG\u00c3O M\u00c9DIO TETO LONGO HDI 2.8 8V | FURG\u00c3O M\u00c9DIO TETO ALTO HDI 2.8 8V | HDI VAN 16 LUGARES 2.8 8V | FURG\u00c3O M\u00c9DIO HDI 2.8 8V<\/li>\n<li><b>BOXER 2010<\/b>\u00a0FURG\u00c3O M\u00c9DIO TETO LONGO HDI 2.8 8V | FURG\u00c3O M\u00c9DIO TETO ALTO HDI 2.8 8V | HDI VAN 16 LUGARES 2.8 8V<\/li>\n<\/ul>\n<\/div>\n<\/div>\n<\/div>\n","protected":false},"excerpt":{"rendered":"<p>Articula\u00e7\u00e3o Axial Citroen Jumper 2001 a 2015 &#8211; TRW JARB0018 &#8211; Unit\u00e1rio Descri\u00e7\u00e3o do Produto Articula\u00e7\u00e3o Axial Especifica\u00e7\u00f5es do Fabricante Marca: TRW C\u00f3digo da Pe\u00e7a: JARB0018 NCM: 87089990 Lado: Direito ou Esquerdo Posi\u00e7\u00e3o: Dianteira C\u00f3digo de barras: 7897483470252 CITROEN JUMPER 2001\u00a0MINIBUS 2.8 8V JUMPER 2002\u00a0MINIBUS 2.8 8V | VAN 2.8 8V JUMPER 2003\u00a0VAN 2.8 8V &hellip;<\/p>\n<p class=\"read-more\"> <a class=\"\" href=\"https:\/\/joaopauloautopecas.com.br\/?product=articulacao-axial-citroen-jumper-2001-a-2015-trw-jarb0018-unitario\"> <span class=\"screen-reader-text\">Articula\u00e7\u00e3o Axial Citroen Jumper 2001 a 2015 &#8211; TRW JARB0018 &#8211; Unit\u00e1rio<\/span> Leia mais &raquo;<\/a><\/p>\n","protected":false},"featured_media":9799,"comment_status":"open","ping_status":"closed","template":"","meta":{"site-sidebar-layout":"default","site-content-layout":"default","ast-main-header-display":"","ast-hfb-above-header-display":"","ast-hfb-below-header-display":"","ast-hfb-mobile-header-display":"","site-post-title":"","ast-breadcrumbs-content":"","ast-featured-img":"","footer-sml-layout":"","theme-transparent-header-meta":"","adv-header-id-meta":"","stick-header-meta":"","header-above-stick-meta":"","header-main-stick-meta":"","header-below-stick-meta":""},"product_cat":[73],"product_tag":[315,251,370,88,74],"class_list":{"0":"post-9798","1":"product","2":"type-product","3":"status-publish","4":"has-post-thumbnail","6":"product_cat-direcao","7":"product_tag-barra-direcao","8":"product_tag-barra-direcao-axial","9":"product_tag-braco-auxiliar-direcao","10":"product_tag-caixa-direcao","11":"product_tag-direcao","13":"first","14":"instock","15":"shipping-taxable","16":"product-type-simple"},"_links":{"self":[{"href":"https:\/\/joaopauloautopecas.com.br\/index.php?rest_route=\/wp\/v2\/product\/9798","targetHints":{"allow":["GET"]}}],"collection":[{"href":"https:\/\/joaopauloautopecas.com.br\/index.php?rest_route=\/wp\/v2\/product"}],"about":[{"href":"https:\/\/joaopauloautopecas.com.br\/index.php?rest_route=\/wp\/v2\/types\/product"}],"replies":[{"embeddable":true,"href":"https:\/\/joaopauloautopecas.com.br\/index.php?rest_route=%2Fwp%2Fv2%2Fcomments&post=9798"}],"wp:featuredmedia":[{"embeddable":true,"href":"https:\/\/joaopauloautopecas.com.br\/index.php?rest_route=\/wp\/v2\/media\/9799"}],"wp:attachment":[{"href":"https:\/\/joaopauloautopecas.com.br\/index.php?rest_route=%2Fwp%2Fv2%2Fmedia&parent=9798"}],"wp:term":[{"taxonomy":"product_cat","embeddable":true,"href":"https:\/\/joaopauloautopecas.com.br\/index.php?rest_route=%2Fwp%2Fv2%2Fproduct_cat&post=9798"},{"taxonomy":"product_tag","embeddable":true,"href":"https:\/\/joaopauloautopecas.com.br\/index.php?rest_route=%2Fwp%2Fv2%2Fproduct_tag&post=9798"}],"curies":[{"name":"wp","href":"https:\/\/api.w.org\/{rel}","templated":true}]}}